{"id":42,"date":"2018-05-08T09:46:33","date_gmt":"2018-05-08T07:46:33","guid":{"rendered":"http:\/\/huissiers-aix.com\/?page_id=42"},"modified":"2018-06-11T08:57:04","modified_gmt":"2018-06-11T06:57:04","slug":"conges-dhabitations-et-commerciaux","status":"publish","type":"page","link":"https:\/\/huissiers-aix.com\/index.php\/conges-dhabitations-et-commerciaux\/","title":{"rendered":"Cong\u00e9s d&#8217;habitations et commerciaux"},"content":{"rendered":"<p>[et_pb_section fb_built=&#8221;1&#8243; fullwidth=&#8221;on&#8221; admin_label=&#8221;Hero Section&#8221; _builder_version=&#8221;3.0.98&#8243;][et_pb_fullwidth_header title=&#8221;Nos Services&#8221; subhead=&#8221;Cong\u00e9s d&#8217;habitations et commerciaux&#8221; text_orientation=&#8221;center&#8221; background_overlay_color=&#8221;rgba(255,255,255,0.16)&#8221; content_max_width=&#8221;550px&#8221; _builder_version=&#8221;3.2.2&#8243; title_font=&#8221;Merriweather|700||on|||||&#8221; title_text_align=&#8221;left&#8221; title_text_color=&#8221;#ffffff&#8221; title_font_size=&#8221;40px&#8221; title_letter_spacing=&#8221;2px&#8221; title_line_height=&#8221;1.8em&#8221; title_text_shadow_style=&#8221;preset4&#8243; content_font=&#8221;||||||||&#8221; subhead_font=&#8221;Merriweather|||on|||||&#8221; subhead_font_size=&#8221;26px&#8221; subhead_line_height=&#8221;1.4em&#8221; subhead_text_shadow_style=&#8221;preset4&#8243; background_color=&#8221;rgba(255,255,255,0)&#8221; background_image=&#8221;https:\/\/huissiers-aix.com\/wp-content\/uploads\/2018\/05\/service_huissiers_aix.jpg&#8221; parallax=&#8221;on&#8221; parallax_method=&#8221;on&#8221; custom_button_two=&#8221;on&#8221; button_two_border_width=&#8221;1px&#8221; button_two_border_color=&#8221;rgba(255,255,255,0.3)&#8221; button_two_border_radius=&#8221;0px&#8221; button_two_letter_spacing=&#8221;1px&#8221; button_two_font=&#8221;Saira Extra Condensed|600||on|||||&#8221; button_two_icon=&#8221;%%3%%&#8221; button_two_icon_color=&#8221;#edbb5f&#8221; button_two_text_color_hover=&#8221;#edbb5f&#8221; button_two_bg_color_hover=&#8221;rgba(0,0,0,0)&#8221; custom_button_one=&#8221;on&#8221; button_one_bg_color=&#8221;#9f8f60&#8243; button_one_border_width=&#8221;1px&#8221; button_one_border_color=&#8221;rgba(255,255,255,0.3)&#8221; button_one_border_radius=&#8221;0px&#8221; button_one_letter_spacing=&#8221;1px&#8221; button_one_font=&#8221;Saira Extra Condensed|600||on|||||&#8221; button_one_icon=&#8221;%%3%%&#8221; button_one_icon_color=&#8221;#9f8f60&#8243; button_one_text_color_hover=&#8221;#9f8f60&#8243; button_one_bg_color_hover=&#8221;rgba(0,0,0,0)&#8221; button_one_text_shadow_style=&#8221;preset5&#8243; box_shadow_style_button_one=&#8221;preset1&#8243; module_alignment=&#8221;right&#8221; custom_margin=&#8221;|||&#8221; custom_padding=&#8221;8%||260px|&#8221;][\/et_pb_fullwidth_header][\/et_pb_section][et_pb_section fb_built=&#8221;1&#8243; admin_label=&#8221;Services&#8221; _builder_version=&#8221;3.2.2&#8243; background_color=&#8221;rgba(249,249,249,0.68)&#8221; custom_margin=&#8221;|||&#8221; custom_padding=&#8221;2px|0px|32px|0px|false|false&#8221;][et_pb_row custom_padding=&#8221;30px|0px|30px|0px|false|false&#8221; _builder_version=&#8221;3.2.2&#8243;][et_pb_column type=&#8221;4_4&#8243; _builder_version=&#8221;3.2.2&#8243; parallax=&#8221;off&#8221; parallax_method=&#8221;on&#8221;][et_pb_blurb title=&#8221;Cong\u00e9s d&#8217;habitations et commerciaux&#8221; _builder_version=&#8221;3.5&#8243; header_level=&#8221;h2&#8243; header_font=&#8221;Merriweather||||||||&#8221; header_text_align=&#8221;center&#8221; header_font_size=&#8221;31px&#8221; header_line_height=&#8221;1.3em&#8221; body_font=&#8221;Merriweather|700|||||||&#8221; body_text_color=&#8221;#9f8f60&#8243; body_font_size=&#8221;20px&#8221; text_orientation=&#8221;justified&#8221;]Vous souhaitez rompre votre contrat de location ? Notre Etude vous informent et vous accompagnent lors de cette d\u00e9licate proc\u00e9dure.<br \/>\n[\/et_pb_blurb][\/et_pb_column][\/et_pb_row][et_pb_row make_fullwidth=&#8221;on&#8221; _builder_version=&#8221;3.2.2&#8243;][et_pb_column type=&#8221;4_4&#8243; _builder_version=&#8221;3.2.2&#8243; parallax=&#8221;off&#8221; parallax_method=&#8221;on&#8221;][et_pb_blurb content_max_width=&#8221;1017px&#8221; _builder_version=&#8221;3.6&#8243; body_font=&#8221;Poppins||||||||&#8221; body_font_size=&#8221;18px&#8221;]<\/p>\n<p>Le cong\u00e9 locatif est une rupture du contrat de location. Cette rupture peut engendrer de nombreux conflits si elle ne respecte pas les obligations pr\u00e9vues par la loi.<br \/> Il est important de se renseigner aupr\u00e8s des Huissiers de Justice de la <strong>SCP DE BENEDICTIS COEFFARD MAUREL<\/strong> quant-aux conditions et d\u00e9lais \u00e0 respecter avant de donner un cong\u00e9 dont le contenu diff\u00e8re selon la nature du bail contract\u00e9 et de votre qualit\u00e9 (bailleur ou preneur).<\/p>\n<p>[\/et_pb_blurb][\/et_pb_column][\/et_pb_row][et_pb_row make_fullwidth=&#8221;on&#8221; custom_padding=&#8221;30px|0px|29px|0|false|false&#8221; make_equal=&#8221;on&#8221; _builder_version=&#8221;3.2.2&#8243;][et_pb_column type=&#8221;1_2&#8243; _builder_version=&#8221;3.2.2&#8243; parallax=&#8221;off&#8221; parallax_method=&#8221;on&#8221;][et_pb_blurb title=&#8221;La r\u00e9siliation de votre bail d&#8217;habitation :&#8221; _builder_version=&#8221;3.2.2&#8243; header_level=&#8221;h3&#8243; header_font=&#8221;Merriweather|700|||||||&#8221; header_text_color=&#8221;#9f8f60&#8243; header_font_size=&#8221;28px&#8221; header_line_height=&#8221;1.4em&#8221; body_font=&#8221;Poppins|300|||||||&#8221; body_font_size=&#8221;16px&#8221; text_orientation=&#8221;justified&#8221;]Si vous souhaitez donner votre cong\u00e9 d\u2019un bail d\u2019habitation, la <strong>SCP DE BENEDICTIS COEFFARD MAUREL<\/strong> peut :<\/p>\n<ul>\n<li>Vous conseiller au sujet des mentions obligatoires et des obligations l\u00e9gales \u00e0 respecter,<\/li>\n<li>R\u00e9diger le cong\u00e9,<\/li>\n<li>V\u00e9rifier que les d\u00e9lais soient respect\u00e9s,<\/li>\n<li>Proc\u00e9der aux formalit\u00e9s de signification.<\/li>\n<\/ul>\n<p>[\/et_pb_blurb][\/et_pb_column][et_pb_column type=&#8221;1_2&#8243; _builder_version=&#8221;3.2.2&#8243; parallax=&#8221;off&#8221; parallax_method=&#8221;on&#8221;][et_pb_blurb title=&#8221;La r\u00e9silitation de votre bail commercial ou professionnel :&#8221; _builder_version=&#8221;3.2.2&#8243; header_level=&#8221;h3&#8243; header_font=&#8221;Merriweather|700|||||||&#8221; header_text_color=&#8221;#9f8f60&#8243; header_font_size=&#8221;28px&#8221; header_line_height=&#8221;1.4em&#8221; body_font=&#8221;Poppins|300|||||||&#8221; body_font_size=&#8221;17px&#8221; body_line_height=&#8221;1.9em&#8221; text_orientation=&#8221;justified&#8221;]Si vous souhaitez donner votre cong\u00e9 d\u2019un bail commercial ou professionnel, nous pouvons r\u00e9diger un acte extra-judiciaire, afin de vous pr\u00e9munir contre tout litige ult\u00e9rieur. En effet, cet acte garantit :<\/p>\n<ul>\n<li>La date et le contenu du cong\u00e9,<\/li>\n<li>Les modalit\u00e9s de remise de ce cong\u00e9 \u00e0 son destinataire.<\/li>\n<\/ul>\n<p>[\/et_pb_blurb][\/et_pb_column][\/et_pb_row][et_pb_row make_fullwidth=&#8221;on&#8221; _builder_version=&#8221;3.2.2&#8243;][et_pb_column type=&#8221;4_4&#8243; _builder_version=&#8221;3.2.2&#8243; parallax=&#8221;off&#8221; parallax_method=&#8221;on&#8221;][et_pb_blurb title=&#8221;La r\u00e9siliation de votre bail rural :&#8221; content_max_width=&#8221;756px&#8221; _builder_version=&#8221;3.2.2&#8243; header_level=&#8221;h3&#8243; header_font=&#8221;Merriweather|700|||||||&#8221; header_text_color=&#8221;#9f8f60&#8243; header_font_size=&#8221;28px&#8221; header_line_height=&#8221;1.4em&#8221; body_font=&#8221;Poppins|300|||||||&#8221; body_font_size=&#8221;16px&#8221; text_orientation=&#8221;justified&#8221;]En cette mati\u00e8re, il est imp\u00e9ratif que le cong\u00e9 soit donn\u00e9 par exploit d\u2019Huissier de Justice. Ainsi, notre \u00c9tude vous aide pour garantir vos droits en la mati\u00e8re et r\u00e9diger l\u2019acte r\u00e9pondant aux exigences de fond et de forme impos\u00e9es par les textes.<br \/>\n[\/et_pb_blurb][\/et_pb_column][\/et_pb_row][\/et_pb_section]<\/p>\n","protected":false},"excerpt":{"rendered":"<p>Vous souhaitez rompre votre contrat de location ? Notre Etude vous informent et vous accompagnent lors de cette d\u00e9licate proc\u00e9dure. Le cong\u00e9 locatif est une rupture du contrat de location. Cette rupture peut engendrer de nombreux conflits si elle ne respecte pas les obligations pr\u00e9vues par la loi. Il est important de se renseigner aupr\u00e8s [&hellip;]<\/p>\n","protected":false},"author":1,"featured_media":0,"parent":0,"menu_order":0,"comment_status":"closed","ping_status":"closed","template":"","meta":{"_et_pb_use_builder":"on","_et_pb_old_content":"","_et_gb_content_width":"","_monsterinsights_skip_tracking":false,"_monsterinsights_sitenote_active":false,"_monsterinsights_sitenote_note":"","_monsterinsights_sitenote_category":0,"footnotes":""},"class_list":["post-42","page","type-page","status-publish","hentry"],"yoast_head":"<!-- This site is optimized with the Yoast SEO plugin v23.0 - https:\/\/yoast.com\/wordpress\/plugins\/seo\/ -->\n<title>Cong\u00e9s d&#039;habitations et commerciaux - SCP De Benedictis Coeffard Maurel<\/title>\n<meta name=\"description\" content=\"Cong\u00e9s d&#039;habitations et commerciaux. Vous souhaitez rompre votre contrat de location ? Notre Etude vous informent et vous accompagnent lors de cette d\u00e9licate proc\u00e9dure.\" \/>\n<meta name=\"robots\" content=\"index, follow, max-snippet:-1, max-image-preview:large, max-video-preview:-1\" \/>\n<link rel=\"canonical\" href=\"https:\/\/huissiers-aix.com\/index.php\/conges-dhabitations-et-commerciaux\/\" \/>\n<meta property=\"og:locale\" content=\"fr_FR\" \/>\n<meta property=\"og:type\" content=\"article\" \/>\n<meta property=\"og:title\" content=\"Cong\u00e9s d&#039;habitations et commerciaux - SCP De Benedictis Coeffard Maurel\" \/>\n<meta property=\"og:description\" content=\"Cong\u00e9s d&#039;habitations et commerciaux. Vous souhaitez rompre votre contrat de location ? Notre Etude vous informent et vous accompagnent lors de cette d\u00e9licate proc\u00e9dure.\" \/>\n<meta property=\"og:url\" content=\"https:\/\/huissiers-aix.com\/index.php\/conges-dhabitations-et-commerciaux\/\" \/>\n<meta property=\"og:site_name\" content=\"SCP De Benedictis Coeffard Maurel\" \/>\n<meta property=\"article:modified_time\" content=\"2018-06-11T06:57:04+00:00\" \/>\n<meta name=\"twitter:card\" content=\"summary_large_image\" \/>\n<meta name=\"twitter:label1\" content=\"Dur\u00e9e de lecture estim\u00e9e\" \/>\n\t<meta name=\"twitter:data1\" content=\"4 minutes\" \/>\n<script type=\"application\/ld+json\" class=\"yoast-schema-graph\">{\"@context\":\"https:\/\/schema.org\",\"@graph\":[{\"@type\":\"WebPage\",\"@id\":\"https:\/\/huissiers-aix.com\/index.php\/conges-dhabitations-et-commerciaux\/\",\"url\":\"https:\/\/huissiers-aix.com\/index.php\/conges-dhabitations-et-commerciaux\/\",\"name\":\"Cong\u00e9s d'habitations et commerciaux - SCP De Benedictis Coeffard Maurel\",\"isPartOf\":{\"@id\":\"https:\/\/huissiers-aix.com\/#website\"},\"datePublished\":\"2018-05-08T07:46:33+00:00\",\"dateModified\":\"2018-06-11T06:57:04+00:00\",\"description\":\"Cong\u00e9s d'habitations et commerciaux. Vous souhaitez rompre votre contrat de location ? Notre Etude vous informent et vous accompagnent lors de cette d\u00e9licate proc\u00e9dure.\",\"breadcrumb\":{\"@id\":\"https:\/\/huissiers-aix.com\/index.php\/conges-dhabitations-et-commerciaux\/#breadcrumb\"},\"inLanguage\":\"fr-FR\",\"potentialAction\":[{\"@type\":\"ReadAction\",\"target\":[\"https:\/\/huissiers-aix.com\/index.php\/conges-dhabitations-et-commerciaux\/\"]}]},{\"@type\":\"BreadcrumbList\",\"@id\":\"https:\/\/huissiers-aix.com\/index.php\/conges-dhabitations-et-commerciaux\/#breadcrumb\",\"itemListElement\":[{\"@type\":\"ListItem\",\"position\":1,\"name\":\"Accueil\",\"item\":\"https:\/\/huissiers-aix.com\/\"},{\"@type\":\"ListItem\",\"position\":2,\"name\":\"Cong\u00e9s d&#8217;habitations et commerciaux\"}]},{\"@type\":\"WebSite\",\"@id\":\"https:\/\/huissiers-aix.com\/#website\",\"url\":\"https:\/\/huissiers-aix.com\/\",\"name\":\"SCP De Benedictis Coeffard Maurel\",\"description\":\"Huissiers de Justice \u00e0 Aix en Provence\",\"potentialAction\":[{\"@type\":\"SearchAction\",\"target\":{\"@type\":\"EntryPoint\",\"urlTemplate\":\"https:\/\/huissiers-aix.com\/?s={search_term_string}\"},\"query-input\":\"required name=search_term_string\"}],\"inLanguage\":\"fr-FR\"}]}<\/script>\n<!-- \/ Yoast SEO plugin. -->","yoast_head_json":{"title":"Cong\u00e9s d'habitations et commerciaux - SCP De Benedictis Coeffard Maurel","description":"Cong\u00e9s d'habitations et commerciaux. Vous souhaitez rompre votre contrat de location ? Notre Etude vous informent et vous accompagnent lors de cette d\u00e9licate proc\u00e9dure.","robots":{"index":"index","follow":"follow","max-snippet":"max-snippet:-1","max-image-preview":"max-image-preview:large","max-video-preview":"max-video-preview:-1"},"canonical":"https:\/\/huissiers-aix.com\/index.php\/conges-dhabitations-et-commerciaux\/","og_locale":"fr_FR","og_type":"article","og_title":"Cong\u00e9s d'habitations et commerciaux - SCP De Benedictis Coeffard Maurel","og_description":"Cong\u00e9s d'habitations et commerciaux. Vous souhaitez rompre votre contrat de location ? Notre Etude vous informent et vous accompagnent lors de cette d\u00e9licate proc\u00e9dure.","og_url":"https:\/\/huissiers-aix.com\/index.php\/conges-dhabitations-et-commerciaux\/","og_site_name":"SCP De Benedictis Coeffard Maurel","article_modified_time":"2018-06-11T06:57:04+00:00","twitter_card":"summary_large_image","twitter_misc":{"Dur\u00e9e de lecture estim\u00e9e":"4 minutes"},"schema":{"@context":"https:\/\/schema.org","@graph":[{"@type":"WebPage","@id":"https:\/\/huissiers-aix.com\/index.php\/conges-dhabitations-et-commerciaux\/","url":"https:\/\/huissiers-aix.com\/index.php\/conges-dhabitations-et-commerciaux\/","name":"Cong\u00e9s d'habitations et commerciaux - SCP De Benedictis Coeffard Maurel","isPartOf":{"@id":"https:\/\/huissiers-aix.com\/#website"},"datePublished":"2018-05-08T07:46:33+00:00","dateModified":"2018-06-11T06:57:04+00:00","description":"Cong\u00e9s d'habitations et commerciaux. Vous souhaitez rompre votre contrat de location ? Notre Etude vous informent et vous accompagnent lors de cette d\u00e9licate proc\u00e9dure.","breadcrumb":{"@id":"https:\/\/huissiers-aix.com\/index.php\/conges-dhabitations-et-commerciaux\/#breadcrumb"},"inLanguage":"fr-FR","potentialAction":[{"@type":"ReadAction","target":["https:\/\/huissiers-aix.com\/index.php\/conges-dhabitations-et-commerciaux\/"]}]},{"@type":"BreadcrumbList","@id":"https:\/\/huissiers-aix.com\/index.php\/conges-dhabitations-et-commerciaux\/#breadcrumb","itemListElement":[{"@type":"ListItem","position":1,"name":"Accueil","item":"https:\/\/huissiers-aix.com\/"},{"@type":"ListItem","position":2,"name":"Cong\u00e9s d&#8217;habitations et commerciaux"}]},{"@type":"WebSite","@id":"https:\/\/huissiers-aix.com\/#website","url":"https:\/\/huissiers-aix.com\/","name":"SCP De Benedictis Coeffard Maurel","description":"Huissiers de Justice \u00e0 Aix en Provence","potentialAction":[{"@type":"SearchAction","target":{"@type":"EntryPoint","urlTemplate":"https:\/\/huissiers-aix.com\/?s={search_term_string}"},"query-input":"required name=search_term_string"}],"inLanguage":"fr-FR"}]}},"_links":{"self":[{"href":"https:\/\/huissiers-aix.com\/index.php\/wp-json\/wp\/v2\/pages\/42","targetHints":{"allow":["GET"]}}],"collection":[{"href":"https:\/\/huissiers-aix.com\/index.php\/wp-json\/wp\/v2\/pages"}],"about":[{"href":"https:\/\/huissiers-aix.com\/index.php\/wp-json\/wp\/v2\/types\/page"}],"author":[{"embeddable":true,"href":"https:\/\/huissiers-aix.com\/index.php\/wp-json\/wp\/v2\/users\/1"}],"replies":[{"embeddable":true,"href":"https:\/\/huissiers-aix.com\/index.php\/wp-json\/wp\/v2\/comments?post=42"}],"version-history":[{"count":6,"href":"https:\/\/huissiers-aix.com\/index.php\/wp-json\/wp\/v2\/pages\/42\/revisions"}],"predecessor-version":[{"id":636,"href":"https:\/\/huissiers-aix.com\/index.php\/wp-json\/wp\/v2\/pages\/42\/revisions\/636"}],"wp:attachment":[{"href":"https:\/\/huissiers-aix.com\/index.php\/wp-json\/wp\/v2\/media?parent=42"}],"curies":[{"name":"wp","href":"https:\/\/api.w.org\/{rel}","templated":true}]}}